{"id":8438,"date":"2025-07-29T14:13:04","date_gmt":"2025-07-29T12:13:04","guid":{"rendered":"https:\/\/www.wsv-patersdorf.de\/wordpress\/?page_id=8438"},"modified":"2025-12-24T22:48:27","modified_gmt":"2025-12-24T21:48:27","slug":"eiszeitgschnichtn","status":"publish","type":"page","link":"https:\/\/www.wsv-patersdorf.de\/wordpress\/podcast-wsv-aufi-owi\/eiszeitgschnichtn\/","title":{"rendered":"Eiszeitgschichtn"},"content":{"rendered":"\n<p><\/p>\n\n\n\n<p><strong>Eiszeitgeschichten 1981: Die Gr\u00fcndung des WSV Patersdorf \u2013 Ein neuer Abschnitt f\u00fcr den Wintersport<\/strong> &#x2744;&#xfe0f;<\/p>\n\n\n\n<p>Tauche ein in die Geschichte des WSV Patersdorf 1981 e.V. mit unserem Podcast \u201eEiszeitgschichtn\u201c. In dieser Reihe erz\u00e4hlen Gr\u00fcndungsmitglieder und langj\u00e4hrige Wegbegleiter:innen von den Anf\u00e4ngen des Vereins, den Herausforderungen und Erfolgen \u00fcber die Jahre hinweg. Jede Episode bietet pers\u00f6nliche Einblicke, Anekdoten und Erinnerungen, die den WSV zu dem gemacht haben, was er heute ist.<\/p>\n\n\n\n<p>Ob du selbst Mitglied bist, es werden m\u00f6chtest oder einfach Interesse an Vereinsgeschichte und Gemeinschaftspflege hast \u2013 \u201eEiszeitgschichtn\u201c ist f\u00fcr alle, die mehr \u00fcber den WSV Patersdorf erfahren m\u00f6chten.<\/p>\n\n\n<blockquote class=\"wp-embedded-content\" data-secret=\"Jg0wVXcMaa\"><p><a href=\"https:\/\/www.wsv-patersdorf.de\/wordpress\/aktuelles\/%f0%9f%8e%99%ef%b8%8f-eiszeitgschichtn-wsv-podcast-%e2%9d%84%ef%b8%8f-karl-fuchs\/\">&#x1f399;&#xfe0f; Eiszeitgschichtn \u2013 WSV Podcast &#x2744;&#xfe0f; &#8211; Karl Fuchs<\/a><\/p><\/blockquote>\n<p><iframe loading=\"lazy\" class=\"wp-embedded-content\" sandbox=\"allow-scripts\" security=\"restricted\" style=\"position: absolute; visibility: hidden;\" title=\"&#8222;&#x1f399;&#xfe0f; Eiszeitgschichtn \u2013 WSV Podcast &#x2744;&#xfe0f; &#8211; Karl Fuchs&#8220; &#8211; WSV Patersdorf\" src=\"https:\/\/www.wsv-patersdorf.de\/wordpress\/aktuelles\/%f0%9f%8e%99%ef%b8%8f-eiszeitgschichtn-wsv-podcast-%e2%9d%84%ef%b8%8f-karl-fuchs\/embed\/#?secret=MpOiwBKscM#?secret=Jg0wVXcMaa\" data-secret=\"Jg0wVXcMaa\" width=\"474\" height=\"267\" frameborder=\"0\" marginwidth=\"0\" marginheight=\"0\" scrolling=\"no\"><\/iframe><\/p>\n\n\n<blockquote class=\"wp-embedded-content\" data-secret=\"JuOypggs3g\"><p><a href=\"https:\/\/www.wsv-patersdorf.de\/wordpress\/aktuelles\/%f0%9f%8e%99%ef%b8%8f-eiszeitgschichtn-wsv-podcast-%e2%9d%84%ef%b8%8f-herbert-fuchs\/\">&#x1f399;&#xfe0f; Eiszeitgschichtn \u2013 WSV Podcast &#x2744;&#xfe0f;<\/a><\/p><\/blockquote>\n<p><iframe loading=\"lazy\" class=\"wp-embedded-content\" sandbox=\"allow-scripts\" security=\"restricted\" style=\"position: absolute; visibility: hidden;\" title=\"&#8222;&#x1f399;&#xfe0f; Eiszeitgschichtn \u2013 WSV Podcast &#x2744;&#xfe0f;&#8220; &#8211; WSV Patersdorf\" src=\"https:\/\/www.wsv-patersdorf.de\/wordpress\/aktuelles\/%f0%9f%8e%99%ef%b8%8f-eiszeitgschichtn-wsv-podcast-%e2%9d%84%ef%b8%8f-herbert-fuchs\/embed\/#?secret=1RAN5MBMFx#?secret=JuOypggs3g\" data-secret=\"JuOypggs3g\" width=\"474\" height=\"267\" frameborder=\"0\" marginwidth=\"0\" marginheight=\"0\" scrolling=\"no\"><\/iframe><\/p>\n","protected":false},"excerpt":{"rendered":"<p>Eiszeitgeschichten 1981: Die Gr\u00fcndung des WSV Patersdorf \u2013 Ein neuer Abschnitt f\u00fcr den Wintersport &#x2744;&#xfe0f; Tauche ein in die Geschichte des WSV Patersdorf 1981 e.V. mit unserem Podcast \u201eEiszeitgschichtn\u201c. In dieser Reihe erz\u00e4hlen Gr\u00fcndungsmitglieder und langj\u00e4hrige Wegbegleiter:innen von den Anf\u00e4ngen des Vereins, den Herausforderungen und Erfolgen \u00fcber die Jahre hinweg. Jede Episode bietet pers\u00f6nliche Einblicke, &hellip; <a href=\"https:\/\/www.wsv-patersdorf.de\/wordpress\/podcast-wsv-aufi-owi\/eiszeitgschnichtn\/\" class=\"more-link\"><span class=\"screen-reader-text\">Eiszeitgschichtn<\/span> weiterlesen <span class=\"meta-nav\">&rarr;<\/span><\/a><\/p>\n","protected":false},"author":17,"featured_media":0,"parent":8423,"menu_order":0,"comment_status":"closed","ping_status":"closed","template":"","meta":{"footnotes":""},"class_list":["post-8438","page","type-page","status-publish","hentry"],"_links":{"self":[{"href":"https:\/\/www.wsv-patersdorf.de\/wordpress\/wp-json\/wp\/v2\/pages\/8438","targetHints":{"allow":["GET"]}}],"collection":[{"href":"https:\/\/www.wsv-patersdorf.de\/wordpress\/wp-json\/wp\/v2\/pages"}],"about":[{"href":"https:\/\/www.wsv-patersdorf.de\/wordpress\/wp-json\/wp\/v2\/types\/page"}],"author":[{"embeddable":true,"href":"https:\/\/www.wsv-patersdorf.de\/wordpress\/wp-json\/wp\/v2\/users\/17"}],"replies":[{"embeddable":true,"href":"https:\/\/www.wsv-patersdorf.de\/wordpress\/wp-json\/wp\/v2\/comments?post=8438"}],"version-history":[{"count":10,"href":"https:\/\/www.wsv-patersdorf.de\/wordpress\/wp-json\/wp\/v2\/pages\/8438\/revisions"}],"predecessor-version":[{"id":8807,"href":"https:\/\/www.wsv-patersdorf.de\/wordpress\/wp-json\/wp\/v2\/pages\/8438\/revisions\/8807"}],"up":[{"embeddable":true,"href":"https:\/\/www.wsv-patersdorf.de\/wordpress\/wp-json\/wp\/v2\/pages\/8423"}],"wp:attachment":[{"href":"https:\/\/www.wsv-patersdorf.de\/wordpress\/wp-json\/wp\/v2\/media?parent=8438"}],"curies":[{"name":"wp","href":"https:\/\/api.w.org\/{rel}","templated":true}]}}